{"id":22156,"date":"2018-03-20T08:51:38","date_gmt":"2018-03-20T11:51:38","guid":{"rendered":"http:\/\/www.deolhoemgravata.com.br\/?page_id=22156"},"modified":"2025-04-18T04:55:08","modified_gmt":"2025-04-18T07:55:08","slug":"home","status":"publish","type":"page","link":"https:\/\/olhartech.com\/olharverso\/","title":{"rendered":"Olhar Verso | O Universo Passa Aqui!"},"content":{"rendered":"<section class=\"wpb-content-wrapper\"><p>[vc_row css_animation=&#8221;slideInRight&#8221;][vc_column width=&#8221;2\/3&#8243; offset=&#8221;vc_hidden-sm vc_hidden-xs&#8221;]<div class=\"td_block_wrap td_block_9 td_uid_1_69f57614947b1_rand td-pb-border-top width: 205% td_block_template_6 td-column-1 td_block_padding td_block_bot_line\"  data-td-block-uid=\"td_uid_1_69f57614947b1\" ><script>var block_td_uid_1_69f57614947b1 = new tdBlock();\nblock_td_uid_1_69f57614947b1.id = \"td_uid_1_69f57614947b1\";\nblock_td_uid_1_69f57614947b1.atts = '{\"limit\":\"1\",\"sort\":\"\",\"post_ids\":\"\",\"tag_slug\":\"\",\"autors_id\":\"\",\"installed_post_types\":\"\",\"category_id\":\"\",\"category_ids\":\"\",\"custom_title\":\"\",\"custom_url\":\"\",\"show_child_cat\":\"\",\"sub_cat_ajax\":\"\",\"ajax_pagination\":\"\",\"header_color\":\"\",\"header_text_color\":\"\",\"ajax_pagination_infinite_stop\":\"\",\"td_column_number\":1,\"td_ajax_preloading\":\"\",\"td_ajax_filter_type\":\"\",\"td_ajax_filter_ids\":\"\",\"td_filter_default_txt\":\"Todos\",\"color_preset\":\"\",\"border_top\":\"\",\"class\":\"td_uid_1_69f57614947b1_rand\",\"el_class\":\"width: 205%\",\"offset\":\"\",\"css\":\"\",\"tdc_css\":\"\",\"tdc_css_class\":\"td_uid_1_69f57614947b1_rand\",\"tdc_css_class_style\":\"td_uid_1_69f57614947b1_rand_style\",\"live_filter\":\"\",\"live_filter_cur_post_id\":\"\",\"live_filter_cur_post_author\":\"\",\"block_template_id\":\"\"}';\nblock_td_uid_1_69f57614947b1.td_column_number = \"1\";\nblock_td_uid_1_69f57614947b1.block_type = \"td_block_9\";\nblock_td_uid_1_69f57614947b1.post_count = \"1\";\nblock_td_uid_1_69f57614947b1.found_posts = \"21\";\nblock_td_uid_1_69f57614947b1.header_color = \"\";\nblock_td_uid_1_69f57614947b1.ajax_pagination_infinite_stop = \"\";\nblock_td_uid_1_69f57614947b1.max_num_pages = \"21\";\ntdBlocksArray.push(block_td_uid_1_69f57614947b1);\n<\/script><div class=\"td-block-title-wrap\"><\/div><div id=td_uid_1_69f57614947b1 class=\"td_block_inner\">\n\n\t<div class=\"td-block-span12\">\n\r\n        <div class=\"td_module_8 td_module_wrap\">\r\n\r\n            <div class=\"item-details\">\r\n                <h3 class=\"entry-title td-module-title\"><a href=\"https:\/\/olhartech.com\/olharverso\/municipios-pernambucanos-registraram-neblina-nos-dias-07-e-08-de-junho\/\" rel=\"bookmark\" title=\"Munic\u00edpios pernambucanos registraram neblina nos dias (07) e (08) de junho\">Munic\u00edpios pernambucanos registraram neblina nos dias (07) e (08) de junho<\/a><\/h3>\r\n                <div class=\"td-module-meta-info\">\r\n                                                            <span class=\"td-post-date\"><time class=\"entry-date updated td-module-date\" datetime=\"2022-06-08T15:34:43+00:00\" >8 anos atr&#225;s<\/time><\/span>                                    <\/div>\r\n            <\/div>\r\n\r\n            \r\n        <\/div>\r\n\r\n        \n\t<\/div> <!-- .\/td-block-span12 --><\/div><\/div> <!-- .\/block --><div class=\"td_block_wrap td_block_15 td_uid_2_69f5761496f9a_rand td-pb-border-top td_block_template_6 td-column-1 td_block_padding\"  data-td-block-uid=\"td_uid_2_69f5761496f9a\" ><script>var block_td_uid_2_69f5761496f9a = new tdBlock();\nblock_td_uid_2_69f5761496f9a.id = \"td_uid_2_69f5761496f9a\";\nblock_td_uid_2_69f5761496f9a.atts = '{\"limit\":\"3\",\"sort\":\"\",\"post_ids\":\"\",\"tag_slug\":\"\",\"autors_id\":\"\",\"installed_post_types\":\"\",\"category_id\":\"\",\"category_ids\":\"\",\"custom_title\":\"\",\"custom_url\":\"\",\"show_child_cat\":\"\",\"sub_cat_ajax\":\"\",\"ajax_pagination\":\"\",\"header_color\":\"\",\"header_text_color\":\"\",\"ajax_pagination_infinite_stop\":\"\",\"td_column_number\":1,\"td_ajax_preloading\":\"\",\"td_ajax_filter_type\":\"\",\"td_ajax_filter_ids\":\"\",\"td_filter_default_txt\":\"Todos\",\"color_preset\":\"\",\"border_top\":\"\",\"class\":\"td_uid_2_69f5761496f9a_rand\",\"el_class\":\"\",\"offset\":\"1\",\"css\":\"\",\"tdc_css\":\"\",\"tdc_css_class\":\"td_uid_2_69f5761496f9a_rand\",\"tdc_css_class_style\":\"td_uid_2_69f5761496f9a_rand_style\",\"live_filter\":\"\",\"live_filter_cur_post_id\":\"\",\"live_filter_cur_post_author\":\"\",\"block_template_id\":\"\"}';\nblock_td_uid_2_69f5761496f9a.td_column_number = \"1\";\nblock_td_uid_2_69f5761496f9a.block_type = \"td_block_15\";\nblock_td_uid_2_69f5761496f9a.post_count = \"3\";\nblock_td_uid_2_69f5761496f9a.found_posts = \"21\";\nblock_td_uid_2_69f5761496f9a.header_color = \"\";\nblock_td_uid_2_69f5761496f9a.ajax_pagination_infinite_stop = \"\";\nblock_td_uid_2_69f5761496f9a.max_num_pages = \"7\";\ntdBlocksArray.push(block_td_uid_2_69f5761496f9a);\n<\/script><div class=\"td-block-title-wrap\"><\/div><div id=td_uid_2_69f5761496f9a class=\"td_block_inner td-column-1\"><div class=\"td-cust-row\">\n\n\t<div class=\"td-block-span12\">\n\r\n        <div class=\"td_module_mx4 td_module_wrap td-animation-stack\">\r\n            <div class=\"td-module-image\">\r\n                <div class=\"td-module-thumb\"><a href=\"https:\/\/olhartech.com\/olharverso\/com-150km-maior-cometa-ja-descoberto-viaja-na-direcao-da-terra\/\" rel=\"bookmark\" title=\"Com 150km, maior cometa j\u00e1 descoberto viaja na dire\u00e7\u00e3o da Terra\"><img loading=\"lazy\" decoding=\"async\" width=\"218\" height=\"150\" class=\"entry-thumb\" src=\"https:\/\/olhartech.com\/olharverso\/wp-content\/uploads\/2021\/10\/illustration-of-comet-bernardinelli-bernstein-218x150.jpg\" srcset=\"https:\/\/olhartech.com\/olharverso\/wp-content\/uploads\/2021\/10\/illustration-of-comet-bernardinelli-bernstein-218x150.jpg 218w, https:\/\/olhartech.com\/olharverso\/wp-content\/uploads\/2021\/10\/illustration-of-comet-bernardinelli-bernstein-100x70.jpg 100w\" sizes=\"auto, (max-width: 218px) 100vw, 218px\" alt=\"\" title=\"Com 150km, maior cometa j\u00e1 descoberto viaja na dire\u00e7\u00e3o da Terra\"\/><\/a><\/div>                <a href=\"https:\/\/olhartech.com\/olharverso\/bernardinelli-bernstein\/\" class=\"td-post-category\">Bernardinelli-Bernstein<\/a>            <\/div>\r\n\r\n            <h3 class=\"entry-title td-module-title\"><a href=\"https:\/\/olhartech.com\/olharverso\/com-150km-maior-cometa-ja-descoberto-viaja-na-direcao-da-terra\/\" rel=\"bookmark\" title=\"Com 150km, maior cometa j\u00e1 descoberto viaja na dire\u00e7\u00e3o da Terra\">Com 150km, maior cometa j\u00e1 descoberto viaja na dire\u00e7\u00e3o da Terra<\/a><\/h3>\r\n        <\/div>\r\n\r\n        \n\t<\/div> <!-- .\/td-block-span12 -->\n\n\t<div class=\"td-block-span12\">\n\r\n        <div class=\"td_module_mx4 td_module_wrap td-animation-stack\">\r\n            <div class=\"td-module-image\">\r\n                <div class=\"td-module-thumb\"><a href=\"https:\/\/olhartech.com\/olharverso\/1o-satelite-100-brasileiro-amazonia-1-e-lancado-com-sucesso-de-base-indiana\/\" rel=\"bookmark\" title=\"1\u00ba Sat\u00e9lite 100% Brasileiro Amazonia-1, \u00e9 lan\u00e7ado com sucesso de base indiana\"><img loading=\"lazy\" decoding=\"async\" width=\"218\" height=\"150\" class=\"entry-thumb\" src=\"https:\/\/olhartech.com\/olharverso\/wp-content\/uploads\/2021\/03\/satelite-br-218x150.jpg\" srcset=\"https:\/\/olhartech.com\/olharverso\/wp-content\/uploads\/2021\/03\/satelite-br-218x150.jpg 218w, https:\/\/olhartech.com\/olharverso\/wp-content\/uploads\/2021\/03\/satelite-br-100x70.jpg 100w\" sizes=\"auto, (max-width: 218px) 100vw, 218px\" alt=\"\" title=\"1\u00ba Sat\u00e9lite 100% Brasileiro Amazonia-1, \u00e9 lan\u00e7ado com sucesso de base indiana\"\/><\/a><\/div>                <a href=\"https:\/\/olhartech.com\/olharverso\/amazonia-1\/\" class=\"td-post-category\">Amazonia-1<\/a>            <\/div>\r\n\r\n            <h3 class=\"entry-title td-module-title\"><a href=\"https:\/\/olhartech.com\/olharverso\/1o-satelite-100-brasileiro-amazonia-1-e-lancado-com-sucesso-de-base-indiana\/\" rel=\"bookmark\" title=\"1\u00ba Sat\u00e9lite 100% Brasileiro Amazonia-1, \u00e9 lan\u00e7ado com sucesso de base indiana\">1\u00ba Sat\u00e9lite 100% Brasileiro Amazonia-1, \u00e9 lan\u00e7ado com sucesso de base indiana<\/a><\/h3>\r\n        <\/div>\r\n\r\n        \n\t<\/div> <!-- .\/td-block-span12 --><\/div><div class=\"td-cust-row\">\n\n\t<div class=\"td-block-span12\">\n\r\n        <div class=\"td_module_mx4 td_module_wrap td-animation-stack\">\r\n            <div class=\"td-module-image\">\r\n                <div class=\"td-module-thumb\"><a href=\"https:\/\/olhartech.com\/olharverso\/nasa-asteroide-com-forca-de-250-mil-toneladas-pode-atingir-a-terra-em-2022\/\" rel=\"bookmark\" title=\"NASA: Asteroide com for\u00e7a de 250 mil toneladas pode atingir a Terra em 2022\"><img loading=\"lazy\" decoding=\"async\" width=\"218\" height=\"150\" class=\"entry-thumb\" src=\"https:\/\/olhartech.com\/olharverso\/wp-content\/uploads\/2021\/01\/cropped-asteroide-1-218x150.jpg\" srcset=\"https:\/\/olhartech.com\/olharverso\/wp-content\/uploads\/2021\/01\/cropped-asteroide-1-218x150.jpg 218w, https:\/\/olhartech.com\/olharverso\/wp-content\/uploads\/2021\/01\/cropped-asteroide-1-100x70.jpg 100w, https:\/\/olhartech.com\/olharverso\/wp-content\/uploads\/2021\/01\/cropped-asteroide-1-534x366.jpg 534w\" sizes=\"auto, (max-width: 218px) 100vw, 218px\" alt=\"\" title=\"NASA: Asteroide com for\u00e7a de 250 mil toneladas pode atingir a Terra em 2022\"\/><\/a><\/div>                <a href=\"https:\/\/olhartech.com\/olharverso\/nasa\/\" class=\"td-post-category\">Nasa<\/a>            <\/div>\r\n\r\n            <h3 class=\"entry-title td-module-title\"><a href=\"https:\/\/olhartech.com\/olharverso\/nasa-asteroide-com-forca-de-250-mil-toneladas-pode-atingir-a-terra-em-2022\/\" rel=\"bookmark\" title=\"NASA: Asteroide com for\u00e7a de 250 mil toneladas pode atingir a Terra em 2022\">NASA: Asteroide com for\u00e7a de 250 mil toneladas pode atingir a Terra em 2022<\/a><\/h3>\r\n        <\/div>\r\n\r\n        \n\t<\/div> <!-- .\/td-block-span12 --><\/div><\/div><\/div> <!-- .\/block --><div class=\"clearfix\"><\/div><div class=\"td_block_wrap td_block_10 td_uid_3_69f576149ade4_rand td-pb-border-top border-left: solid 3px red; padding: 8px; td_block_template_6 td-column-1 td_block_padding td_block_bot_line\"  data-td-block-uid=\"td_uid_3_69f576149ade4\" ><script>var block_td_uid_3_69f576149ade4 = new tdBlock();\nblock_td_uid_3_69f576149ade4.id = \"td_uid_3_69f576149ade4\";\nblock_td_uid_3_69f576149ade4.atts = '{\"limit\":\"2\",\"sort\":\"\",\"post_ids\":\"\",\"tag_slug\":\"\",\"autors_id\":\"\",\"installed_post_types\":\"\",\"category_id\":\"\",\"category_ids\":\"\",\"custom_title\":\"\",\"custom_url\":\"\",\"show_child_cat\":\"\",\"sub_cat_ajax\":\"\",\"ajax_pagination\":\"\",\"header_color\":\"\",\"header_text_color\":\"\",\"ajax_pagination_infinite_stop\":\"\",\"td_column_number\":1,\"td_ajax_preloading\":\"\",\"td_ajax_filter_type\":\"\",\"td_ajax_filter_ids\":\"\",\"td_filter_default_txt\":\"Todos\",\"color_preset\":\"\",\"border_top\":\"\",\"class\":\"td_uid_3_69f576149ade4_rand\",\"el_class\":\"border-left: solid 3px red; padding: 8px;\",\"offset\":\"6\",\"css\":\"\",\"tdc_css\":\"\",\"tdc_css_class\":\"td_uid_3_69f576149ade4_rand\",\"tdc_css_class_style\":\"td_uid_3_69f576149ade4_rand_style\",\"live_filter\":\"\",\"live_filter_cur_post_id\":\"\",\"live_filter_cur_post_author\":\"\",\"block_template_id\":\"\"}';\nblock_td_uid_3_69f576149ade4.td_column_number = \"1\";\nblock_td_uid_3_69f576149ade4.block_type = \"td_block_10\";\nblock_td_uid_3_69f576149ade4.post_count = \"2\";\nblock_td_uid_3_69f576149ade4.found_posts = \"21\";\nblock_td_uid_3_69f576149ade4.header_color = \"\";\nblock_td_uid_3_69f576149ade4.ajax_pagination_infinite_stop = \"\";\nblock_td_uid_3_69f576149ade4.max_num_pages = \"8\";\ntdBlocksArray.push(block_td_uid_3_69f576149ade4);\n<\/script><div class=\"td-block-title-wrap\"><\/div><div id=td_uid_3_69f576149ade4 class=\"td_block_inner\">\n\n\t<div class=\"td-block-span12\">\n\r\n        <div class=\"td_module_9 td_module_wrap\">\r\n\r\n            <div class=\"item-details\">\r\n                                <h3 class=\"entry-title td-module-title\"><a href=\"https:\/\/olhartech.com\/olharverso\/nasa-e-spacex-querem-lancar-astronautas-da-crew-1-a-iss-no-dia-14-de-novembro\/\" rel=\"bookmark\" title=\"NASA e SpaceX querem lan\u00e7ar astronautas da Crew-1 \u00e0 ISS no dia 14 de novembro\">NASA e SpaceX querem lan\u00e7ar astronautas da Crew-1 \u00e0 ISS no dia 14 de novembro<\/a><\/h3>\r\n                \r\n                <div class=\"td-module-meta-info\">\r\n                                        <span class=\"td-post-date\"><time class=\"entry-date updated td-module-date\" datetime=\"2020-10-27T21:29:48+00:00\" >8 anos atr&#225;s<\/time><\/span>                <\/div>\r\n\r\n            <\/div>\r\n\r\n\t        \r\n        <\/div>\r\n\r\n        \n\t<\/div> <!-- .\/td-block-span12 -->\n\n\t<div class=\"td-block-span12\">\n\r\n        <div class=\"td_module_9 td_module_wrap\">\r\n\r\n            <div class=\"item-details\">\r\n                                <h3 class=\"entry-title td-module-title\"><a href=\"https:\/\/olhartech.com\/olharverso\/starlink-spacex-inicia-testes-beta-publicos-com-boas-velocidades-de-conexao\/\" rel=\"bookmark\" title=\"Starlink: SpaceX inicia testes beta p\u00fablicos com boas velocidades de conex\u00e3o\">Starlink: SpaceX inicia testes beta p\u00fablicos com boas velocidades de conex\u00e3o<\/a><\/h3>\r\n                \r\n                <div class=\"td-module-meta-info\">\r\n                                        <span class=\"td-post-date\"><time class=\"entry-date updated td-module-date\" datetime=\"2020-10-27T21:27:57+00:00\" >8 anos atr&#225;s<\/time><\/span>                <\/div>\r\n\r\n            <\/div>\r\n\r\n\t        \r\n        <\/div>\r\n\r\n        \n\t<\/div> <!-- .\/td-block-span12 --><\/div><\/div> <!-- .\/block --><div class=\"td_block_wrap td_block_7 td_uid_4_69f576149c8a2_rand td-pb-border-top td_block_template_6 td-column-1 td_block_padding\"  data-td-block-uid=\"td_uid_4_69f576149c8a2\" ><script>var block_td_uid_4_69f576149c8a2 = new tdBlock();\nblock_td_uid_4_69f576149c8a2.id = \"td_uid_4_69f576149c8a2\";\nblock_td_uid_4_69f576149c8a2.atts = '{\"limit\":\"2\",\"sort\":\"\",\"post_ids\":\"\",\"tag_slug\":\"\",\"autors_id\":\"\",\"installed_post_types\":\"\",\"category_id\":\"\",\"category_ids\":\"\",\"custom_title\":\"\",\"custom_url\":\"\",\"show_child_cat\":\"\",\"sub_cat_ajax\":\"\",\"ajax_pagination\":\"\",\"header_color\":\"\",\"header_text_color\":\"\",\"ajax_pagination_infinite_stop\":\"\",\"td_column_number\":1,\"td_ajax_preloading\":\"\",\"td_ajax_filter_type\":\"\",\"td_ajax_filter_ids\":\"\",\"td_filter_default_txt\":\"Todos\",\"color_preset\":\"\",\"border_top\":\"\",\"class\":\"td_uid_4_69f576149c8a2_rand\",\"el_class\":\"\",\"offset\":\"8\",\"css\":\"\",\"tdc_css\":\"\",\"tdc_css_class\":\"td_uid_4_69f576149c8a2_rand\",\"tdc_css_class_style\":\"td_uid_4_69f576149c8a2_rand_style\",\"live_filter\":\"\",\"live_filter_cur_post_id\":\"\",\"live_filter_cur_post_author\":\"\",\"block_template_id\":\"\"}';\nblock_td_uid_4_69f576149c8a2.td_column_number = \"1\";\nblock_td_uid_4_69f576149c8a2.block_type = \"td_block_7\";\nblock_td_uid_4_69f576149c8a2.post_count = \"2\";\nblock_td_uid_4_69f576149c8a2.found_posts = \"21\";\nblock_td_uid_4_69f576149c8a2.header_color = \"\";\nblock_td_uid_4_69f576149c8a2.ajax_pagination_infinite_stop = \"\";\nblock_td_uid_4_69f576149c8a2.max_num_pages = \"7\";\ntdBlocksArray.push(block_td_uid_4_69f576149c8a2);\n<\/script><div class=\"td-block-title-wrap\"><\/div><div id=td_uid_4_69f576149c8a2 class=\"td_block_inner\">\n\n\t<div class=\"td-block-span12\">\n\r\n        <div class=\"td_module_6 td_module_wrap td-animation-stack\">\r\n\r\n        <div class=\"td-module-thumb\"><a href=\"https:\/\/olhartech.com\/olharverso\/nasa-confirma-sonda-osiris-rex-coletou-amostras-suficientes-do-asteroide-bennu\/\" rel=\"bookmark\" title=\"NASA confirma: sonda OSIRIS-REx coletou amostras suficientes do asteroide Bennu\"><img loading=\"lazy\" decoding=\"async\" width=\"100\" height=\"70\" class=\"entry-thumb\" src=\"https:\/\/olhartech.com\/olharverso\/wp-content\/uploads\/2020\/10\/f647f993a80b90a597c738e9a0a6ac57-100x70.jpg\" srcset=\"https:\/\/olhartech.com\/olharverso\/wp-content\/uploads\/2020\/10\/f647f993a80b90a597c738e9a0a6ac57-100x70.jpg 100w, https:\/\/olhartech.com\/olharverso\/wp-content\/uploads\/2020\/10\/f647f993a80b90a597c738e9a0a6ac57-218x150.jpg 218w\" sizes=\"auto, (max-width: 100px) 100vw, 100px\" alt=\"\" title=\"NASA confirma: sonda OSIRIS-REx coletou amostras suficientes do asteroide Bennu\"\/><\/a><\/div>\r\n        <div class=\"item-details\">\r\n            <h3 class=\"entry-title td-module-title\"><a href=\"https:\/\/olhartech.com\/olharverso\/nasa-confirma-sonda-osiris-rex-coletou-amostras-suficientes-do-asteroide-bennu\/\" rel=\"bookmark\" title=\"NASA confirma: sonda OSIRIS-REx coletou amostras suficientes do asteroide Bennu\">NASA confirma: sonda OSIRIS-REx coletou amostras suficientes do asteroide Bennu<\/a><\/h3>            <div class=\"td-module-meta-info\">\r\n                                                <span class=\"td-post-date\"><time class=\"entry-date updated td-module-date\" datetime=\"2020-10-26T21:43:23+00:00\" >8 anos atr&#225;s<\/time><\/span>                            <\/div>\r\n        <\/div>\r\n\r\n        <\/div>\r\n\r\n        \n\t<\/div> <!-- .\/td-block-span12 -->\n\n\t<div class=\"td-block-span12\">\n\r\n        <div class=\"td_module_6 td_module_wrap td-animation-stack\">\r\n\r\n        <div class=\"td-module-thumb\"><a href=\"https:\/\/olhartech.com\/olharverso\/spacex-lanca-mais-60-satelites-starlink-e-comemora-100-lancamentos-de-sucesso\/\" rel=\"bookmark\" title=\"SpaceX lan\u00e7a mais 60 sat\u00e9lites Starlink e comemora 100 lan\u00e7amentos de sucesso\"><img loading=\"lazy\" decoding=\"async\" width=\"100\" height=\"70\" class=\"entry-thumb\" src=\"https:\/\/olhartech.com\/olharverso\/wp-content\/uploads\/2020\/10\/fogt-100x70.jpeg\" srcset=\"https:\/\/olhartech.com\/olharverso\/wp-content\/uploads\/2020\/10\/fogt-100x70.jpeg 100w, https:\/\/olhartech.com\/olharverso\/wp-content\/uploads\/2020\/10\/fogt-218x150.jpeg 218w\" sizes=\"auto, (max-width: 100px) 100vw, 100px\" alt=\"\" title=\"SpaceX lan\u00e7a mais 60 sat\u00e9lites Starlink e comemora 100 lan\u00e7amentos de sucesso\"\/><\/a><\/div>\r\n        <div class=\"item-details\">\r\n            <h3 class=\"entry-title td-module-title\"><a href=\"https:\/\/olhartech.com\/olharverso\/spacex-lanca-mais-60-satelites-starlink-e-comemora-100-lancamentos-de-sucesso\/\" rel=\"bookmark\" title=\"SpaceX lan\u00e7a mais 60 sat\u00e9lites Starlink e comemora 100 lan\u00e7amentos de sucesso\">SpaceX lan\u00e7a mais 60 sat\u00e9lites Starlink e comemora 100 lan\u00e7amentos de sucesso<\/a><\/h3>            <div class=\"td-module-meta-info\">\r\n                                                <span class=\"td-post-date\"><time class=\"entry-date updated td-module-date\" datetime=\"2020-10-26T21:41:52+00:00\" >8 anos atr&#225;s<\/time><\/span>                            <\/div>\r\n        <\/div>\r\n\r\n        <\/div>\r\n\r\n        \n\t<\/div> <!-- .\/td-block-span12 --><\/div><\/div> <!-- .\/block -->[vc_text_separator title=&#8221;&#8221; color=&#8221;white&#8221;][\/vc_column][vc_column width=&#8221;1\/3&#8243; offset=&#8221;vc_hidden-sm vc_hidden-xs&#8221;][vc_column_text][\/vc_column_text]<div class=\"td_block_wrap td_block_11 td_uid_5_69f576149f5ee_rand td-pb-border-top td_block_template_6 td-column-1\"  data-td-block-uid=\"td_uid_5_69f576149f5ee\" ><script>var block_td_uid_5_69f576149f5ee = new tdBlock();\nblock_td_uid_5_69f576149f5ee.id = \"td_uid_5_69f576149f5ee\";\nblock_td_uid_5_69f576149f5ee.atts = '{\"limit\":\"1\",\"sort\":\"\",\"post_ids\":\"\",\"tag_slug\":\"\",\"autors_id\":\"\",\"installed_post_types\":\"\",\"category_id\":\"\",\"category_ids\":\"\",\"custom_title\":\"\",\"custom_url\":\"\",\"show_child_cat\":\"\",\"sub_cat_ajax\":\"\",\"ajax_pagination\":\"\",\"header_color\":\"\",\"header_text_color\":\"\",\"ajax_pagination_infinite_stop\":\"\",\"td_column_number\":1,\"td_ajax_preloading\":\"\",\"td_ajax_filter_type\":\"\",\"td_ajax_filter_ids\":\"\",\"td_filter_default_txt\":\"Todos\",\"color_preset\":\"\",\"border_top\":\"\",\"class\":\"td_uid_5_69f576149f5ee_rand\",\"el_class\":\"\",\"offset\":\"4\",\"css\":\"\",\"tdc_css\":\"\",\"tdc_css_class\":\"td_uid_5_69f576149f5ee_rand\",\"tdc_css_class_style\":\"td_uid_5_69f576149f5ee_rand_style\",\"live_filter\":\"\",\"live_filter_cur_post_id\":\"\",\"live_filter_cur_post_author\":\"\",\"block_template_id\":\"\"}';\nblock_td_uid_5_69f576149f5ee.td_column_number = \"1\";\nblock_td_uid_5_69f576149f5ee.block_type = \"td_block_11\";\nblock_td_uid_5_69f576149f5ee.post_count = \"1\";\nblock_td_uid_5_69f576149f5ee.found_posts = \"21\";\nblock_td_uid_5_69f576149f5ee.header_color = \"\";\nblock_td_uid_5_69f576149f5ee.ajax_pagination_infinite_stop = \"\";\nblock_td_uid_5_69f576149f5ee.max_num_pages = \"17\";\ntdBlocksArray.push(block_td_uid_5_69f576149f5ee);\n<\/script><div class=\"td-block-title-wrap\"><\/div><div id=td_uid_5_69f576149f5ee class=\"td_block_inner\">\n\n\t<div class=\"td-block-span12\">\n\r\n        <div class=\"td_module_10 td_module_wrap td-animation-stack\">\r\n            <div class=\"td-module-thumb\"><a href=\"https:\/\/olhartech.com\/olharverso\/erupcao-solar-mais-potente-dos-ultimos-3-anos-e-registrada-veja-a-foto\/\" rel=\"bookmark\" title=\"Erup\u00e7\u00e3o solar mais potente dos \u00faltimos 3 anos \u00e9 registrada (VEJA A FOTO)\"><img loading=\"lazy\" decoding=\"async\" width=\"218\" height=\"150\" class=\"entry-thumb\" src=\"https:\/\/olhartech.com\/olharverso\/wp-content\/uploads\/2020\/12\/cropped-sol-218x150.jpg\" srcset=\"https:\/\/olhartech.com\/olharverso\/wp-content\/uploads\/2020\/12\/cropped-sol-218x150.jpg 218w, https:\/\/olhartech.com\/olharverso\/wp-content\/uploads\/2020\/12\/cropped-sol-100x70.jpg 100w\" sizes=\"auto, (max-width: 218px) 100vw, 218px\" alt=\"\" title=\"Erup\u00e7\u00e3o solar mais potente dos \u00faltimos 3 anos \u00e9 registrada (VEJA A FOTO)\"\/><\/a><\/div>\r\n            <div class=\"item-details\">\r\n            <h3 class=\"entry-title td-module-title\"><a href=\"https:\/\/olhartech.com\/olharverso\/erupcao-solar-mais-potente-dos-ultimos-3-anos-e-registrada-veja-a-foto\/\" rel=\"bookmark\" title=\"Erup\u00e7\u00e3o solar mais potente dos \u00faltimos 3 anos \u00e9 registrada (VEJA A FOTO)\">Erup\u00e7\u00e3o solar mais potente dos \u00faltimos 3 anos \u00e9 registrada (VEJA A FOTO)<\/a><\/h3>\r\n                <div class=\"td-module-meta-info\">\r\n                                            \r\n                <\/div>\r\n\r\n                <div class=\"td-excerpt\">\r\n                    \n\n\n\n\n\u00a9 NASA . Observat\u00f3rio de Energia Solar\n\n\n\nNo domingo (29\/11), foi registrada a erup\u00e7\u00e3o...                <\/div>\r\n            <\/div>\r\n\r\n        <\/div>\r\n\r\n        \n\t<\/div> <!-- .\/td-block-span12 --><\/div><\/div> <!-- .\/block -->[vc_separator]<div class=\"td_block_wrap td_block_11 td_uid_6_69f57614a1b8a_rand td-pb-border-top td_block_template_6 td-column-1\"  data-td-block-uid=\"td_uid_6_69f57614a1b8a\" ><script>var block_td_uid_6_69f57614a1b8a = new tdBlock();\nblock_td_uid_6_69f57614a1b8a.id = \"td_uid_6_69f57614a1b8a\";\nblock_td_uid_6_69f57614a1b8a.atts = '{\"limit\":\"1\",\"sort\":\"\",\"post_ids\":\"\",\"tag_slug\":\"\",\"autors_id\":\"\",\"installed_post_types\":\"\",\"category_id\":\"\",\"category_ids\":\"\",\"custom_title\":\"\",\"custom_url\":\"\",\"show_child_cat\":\"\",\"sub_cat_ajax\":\"\",\"ajax_pagination\":\"\",\"header_color\":\"\",\"header_text_color\":\"\",\"ajax_pagination_infinite_stop\":\"\",\"td_column_number\":1,\"td_ajax_preloading\":\"\",\"td_ajax_filter_type\":\"\",\"td_ajax_filter_ids\":\"\",\"td_filter_default_txt\":\"Todos\",\"color_preset\":\"\",\"border_top\":\"\",\"class\":\"td_uid_6_69f57614a1b8a_rand\",\"el_class\":\"\",\"offset\":\"5\",\"css\":\"\",\"tdc_css\":\"\",\"tdc_css_class\":\"td_uid_6_69f57614a1b8a_rand\",\"tdc_css_class_style\":\"td_uid_6_69f57614a1b8a_rand_style\",\"live_filter\":\"\",\"live_filter_cur_post_id\":\"\",\"live_filter_cur_post_author\":\"\",\"block_template_id\":\"\"}';\nblock_td_uid_6_69f57614a1b8a.td_column_number = \"1\";\nblock_td_uid_6_69f57614a1b8a.block_type = \"td_block_11\";\nblock_td_uid_6_69f57614a1b8a.post_count = \"1\";\nblock_td_uid_6_69f57614a1b8a.found_posts = \"21\";\nblock_td_uid_6_69f57614a1b8a.header_color = \"\";\nblock_td_uid_6_69f57614a1b8a.ajax_pagination_infinite_stop = \"\";\nblock_td_uid_6_69f57614a1b8a.max_num_pages = \"16\";\ntdBlocksArray.push(block_td_uid_6_69f57614a1b8a);\n<\/script><div class=\"td-block-title-wrap\"><\/div><div id=td_uid_6_69f57614a1b8a class=\"td_block_inner\">\n\n\t<div class=\"td-block-span12\">\n\r\n        <div class=\"td_module_10 td_module_wrap td-animation-stack\">\r\n            <div class=\"td-module-thumb\"><a href=\"https:\/\/olhartech.com\/olharverso\/psique-planeta-fracassado-do-sistema-solar-vem-sendo-cada-vez-mais-estudado\/\" rel=\"bookmark\" title=\"Psique: planeta &#8220;fracassado&#8221; do Sistema Solar vem sendo cada vez mais estudado\"><img loading=\"lazy\" decoding=\"async\" width=\"218\" height=\"150\" class=\"entry-thumb\" src=\"https:\/\/olhartech.com\/olharverso\/wp-content\/uploads\/2020\/10\/asteroide-16-psique-218x150.jpeg\" srcset=\"https:\/\/olhartech.com\/olharverso\/wp-content\/uploads\/2020\/10\/asteroide-16-psique-218x150.jpeg 218w, https:\/\/olhartech.com\/olharverso\/wp-content\/uploads\/2020\/10\/asteroide-16-psique-100x70.jpeg 100w\" sizes=\"auto, (max-width: 218px) 100vw, 218px\" alt=\"\" title=\"Psique: planeta &#8220;fracassado&#8221; do Sistema Solar vem sendo cada vez mais estudado\"\/><\/a><\/div>\r\n            <div class=\"item-details\">\r\n            <h3 class=\"entry-title td-module-title\"><a href=\"https:\/\/olhartech.com\/olharverso\/psique-planeta-fracassado-do-sistema-solar-vem-sendo-cada-vez-mais-estudado\/\" rel=\"bookmark\" title=\"Psique: planeta &#8220;fracassado&#8221; do Sistema Solar vem sendo cada vez mais estudado\">Psique: planeta &#8220;fracassado&#8221; do Sistema Solar vem sendo cada vez mais estudado<\/a><\/h3>\r\n                <div class=\"td-module-meta-info\">\r\n                                            \r\n                <\/div>\r\n\r\n                <div class=\"td-excerpt\">\r\n                    \nDescoberto em 1852, o asteroide 16 Psique n\u00e3o \u00e9 uma novidade para os astr\u00f4nomos, mas se tornou alvo de grande interesse por...                <\/div>\r\n            <\/div>\r\n\r\n        <\/div>\r\n\r\n        \n\t<\/div> <!-- .\/td-block-span12 --><\/div><\/div> <!-- .\/block -->[vc_separator][vc_column_text][\/vc_column_text][\/vc_column][\/vc_row][vc_row full_width=&#8221;stretch_row&#8221; css_animation=&#8221;slideInRight&#8221;][vc_column offset=&#8221;vc_hidden-sm vc_hidden-xs&#8221;][vc_text_separator title=&#8221;Move | A Marca da Sua Marca!&#8221; i_icon_fontawesome=&#8221;fas fa-audio-description&#8221; i_color=&#8221;custom&#8221; add_icon=&#8221;true&#8221; i_custom_color=&#8221;#efd31c&#8221;][vc_raw_html]JTVCc2MlMjBuYW1lJTNEJTIybW92ZS1hZHMtaG9tZSUyMiU1RCU1QiUyRnNjJTVE[\/vc_raw_html][\/vc_column][\/vc_row][vc_row css_animation=&#8221;slideInRight&#8221;][vc_column width=&#8221;1\/2&#8243; offset=&#8221;vc_hidden-sm vc_hidden-xs&#8221;]<div class=\"td_block_wrap td_block_11 td_uid_7_69f57614a4273_rand td-pb-border-top td_block_template_6 td-column-1\"  data-td-block-uid=\"td_uid_7_69f57614a4273\" ><script>var block_td_uid_7_69f57614a4273 = new tdBlock();\nblock_td_uid_7_69f57614a4273.id = \"td_uid_7_69f57614a4273\";\nblock_td_uid_7_69f57614a4273.atts = '{\"limit\":\"1\",\"sort\":\"\",\"post_ids\":\"\",\"tag_slug\":\"\",\"autors_id\":\"\",\"installed_post_types\":\"\",\"category_id\":\"\",\"category_ids\":\"\",\"custom_title\":\"\",\"custom_url\":\"\",\"show_child_cat\":\"\",\"sub_cat_ajax\":\"\",\"ajax_pagination\":\"\",\"header_color\":\"\",\"header_text_color\":\"\",\"ajax_pagination_infinite_stop\":\"\",\"td_column_number\":1,\"td_ajax_preloading\":\"\",\"td_ajax_filter_type\":\"\",\"td_ajax_filter_ids\":\"\",\"td_filter_default_txt\":\"Todos\",\"color_preset\":\"\",\"border_top\":\"\",\"class\":\"td_uid_7_69f57614a4273_rand\",\"el_class\":\"\",\"offset\":\"10\",\"css\":\"\",\"tdc_css\":\"\",\"tdc_css_class\":\"td_uid_7_69f57614a4273_rand\",\"tdc_css_class_style\":\"td_uid_7_69f57614a4273_rand_style\",\"live_filter\":\"\",\"live_filter_cur_post_id\":\"\",\"live_filter_cur_post_author\":\"\",\"block_template_id\":\"\"}';\nblock_td_uid_7_69f57614a4273.td_column_number = \"1\";\nblock_td_uid_7_69f57614a4273.block_type = \"td_block_11\";\nblock_td_uid_7_69f57614a4273.post_count = \"1\";\nblock_td_uid_7_69f57614a4273.found_posts = \"21\";\nblock_td_uid_7_69f57614a4273.header_color = \"\";\nblock_td_uid_7_69f57614a4273.ajax_pagination_infinite_stop = \"\";\nblock_td_uid_7_69f57614a4273.max_num_pages = \"11\";\ntdBlocksArray.push(block_td_uid_7_69f57614a4273);\n<\/script><div class=\"td-block-title-wrap\"><\/div><div id=td_uid_7_69f57614a4273 class=\"td_block_inner\">\n\n\t<div class=\"td-block-span12\">\n\r\n        <div class=\"td_module_10 td_module_wrap td-animation-stack\">\r\n            <div class=\"td-module-thumb\"><a href=\"https:\/\/olhartech.com\/olharverso\/nova-propulsao-eletrica-da-nasa-sera-quatro-vezes-mais-poderosa-que-a-atual\/\" rel=\"bookmark\" title=\"Nova propuls\u00e3o el\u00e9trica da NASA ser\u00e1 quatro vezes mais poderosa que a atual\"><img loading=\"lazy\" decoding=\"async\" width=\"218\" height=\"150\" class=\"entry-thumb\" src=\"https:\/\/olhartech.com\/olharverso\/wp-content\/uploads\/2020\/10\/57f33529dc8e3f254eae6cca8d066491-218x150.png\" srcset=\"https:\/\/olhartech.com\/olharverso\/wp-content\/uploads\/2020\/10\/57f33529dc8e3f254eae6cca8d066491-218x150.png 218w, https:\/\/olhartech.com\/olharverso\/wp-content\/uploads\/2020\/10\/57f33529dc8e3f254eae6cca8d066491-100x70.png 100w\" sizes=\"auto, (max-width: 218px) 100vw, 218px\" alt=\"\" title=\"Nova propuls\u00e3o el\u00e9trica da NASA ser\u00e1 quatro vezes mais poderosa que a atual\"\/><\/a><\/div>\r\n            <div class=\"item-details\">\r\n            <h3 class=\"entry-title td-module-title\"><a href=\"https:\/\/olhartech.com\/olharverso\/nova-propulsao-eletrica-da-nasa-sera-quatro-vezes-mais-poderosa-que-a-atual\/\" rel=\"bookmark\" title=\"Nova propuls\u00e3o el\u00e9trica da NASA ser\u00e1 quatro vezes mais poderosa que a atual\">Nova propuls\u00e3o el\u00e9trica da NASA ser\u00e1 quatro vezes mais poderosa que a atual<\/a><\/h3>\r\n                <div class=\"td-module-meta-info\">\r\n                                            \r\n                <\/div>\r\n\r\n                <div class=\"td-excerpt\">\r\n                    \nPara lan\u00e7ar foguetes a altitudes elevadas o suficiente para ultrapassar da atmosfera do planeta, \u00e9 necess\u00e1rio um combust\u00edvel qu\u00edmico poderoso, mas no...                <\/div>\r\n            <\/div>\r\n\r\n        <\/div>\r\n\r\n        \n\t<\/div> <!-- .\/td-block-span12 --><\/div><\/div> <!-- .\/block -->[\/vc_column][vc_column width=&#8221;1\/2&#8243; offset=&#8221;vc_hidden-sm vc_hidden-xs&#8221;]<div class=\"td_block_wrap td_block_11 td_uid_8_69f57614a6474_rand td-pb-border-top td_block_template_6 td-column-1\"  data-td-block-uid=\"td_uid_8_69f57614a6474\" ><script>var block_td_uid_8_69f57614a6474 = new tdBlock();\nblock_td_uid_8_69f57614a6474.id = \"td_uid_8_69f57614a6474\";\nblock_td_uid_8_69f57614a6474.atts = '{\"limit\":\"1\",\"sort\":\"\",\"post_ids\":\"\",\"tag_slug\":\"\",\"autors_id\":\"\",\"installed_post_types\":\"\",\"category_id\":\"\",\"category_ids\":\"\",\"custom_title\":\"\",\"custom_url\":\"\",\"show_child_cat\":\"\",\"sub_cat_ajax\":\"\",\"ajax_pagination\":\"\",\"header_color\":\"\",\"header_text_color\":\"\",\"ajax_pagination_infinite_stop\":\"\",\"td_column_number\":1,\"td_ajax_preloading\":\"\",\"td_ajax_filter_type\":\"\",\"td_ajax_filter_ids\":\"\",\"td_filter_default_txt\":\"Todos\",\"color_preset\":\"\",\"border_top\":\"\",\"class\":\"td_uid_8_69f57614a6474_rand\",\"el_class\":\"\",\"offset\":\"11\",\"css\":\"\",\"tdc_css\":\"\",\"tdc_css_class\":\"td_uid_8_69f57614a6474_rand\",\"tdc_css_class_style\":\"td_uid_8_69f57614a6474_rand_style\",\"live_filter\":\"\",\"live_filter_cur_post_id\":\"\",\"live_filter_cur_post_author\":\"\",\"block_template_id\":\"\"}';\nblock_td_uid_8_69f57614a6474.td_column_number = \"1\";\nblock_td_uid_8_69f57614a6474.block_type = \"td_block_11\";\nblock_td_uid_8_69f57614a6474.post_count = \"1\";\nblock_td_uid_8_69f57614a6474.found_posts = \"21\";\nblock_td_uid_8_69f57614a6474.header_color = \"\";\nblock_td_uid_8_69f57614a6474.ajax_pagination_infinite_stop = \"\";\nblock_td_uid_8_69f57614a6474.max_num_pages = \"10\";\ntdBlocksArray.push(block_td_uid_8_69f57614a6474);\n<\/script><div class=\"td-block-title-wrap\"><\/div><div id=td_uid_8_69f57614a6474 class=\"td_block_inner\">\n\n\t<div class=\"td-block-span12\">\n\r\n        <div class=\"td_module_10 td_module_wrap td-animation-stack\">\r\n            <div class=\"td-module-thumb\"><a href=\"https:\/\/olhartech.com\/olharverso\/starship-prototipo-sn8-ja-tem-nariz-e-flaps-e-se-aproxima-de-teste-final-de-voo\/\" rel=\"bookmark\" title=\"Starship: prot\u00f3tipo SN8 j\u00e1 tem nariz e flaps e se aproxima de teste final de voo\"><img loading=\"lazy\" decoding=\"async\" width=\"218\" height=\"150\" class=\"entry-thumb\" src=\"https:\/\/olhartech.com\/olharverso\/wp-content\/uploads\/2020\/10\/spacex-starship-mk1-17-218x150.jpg\" srcset=\"https:\/\/olhartech.com\/olharverso\/wp-content\/uploads\/2020\/10\/spacex-starship-mk1-17-218x150.jpg 218w, https:\/\/olhartech.com\/olharverso\/wp-content\/uploads\/2020\/10\/spacex-starship-mk1-17-100x70.jpg 100w\" sizes=\"auto, (max-width: 218px) 100vw, 218px\" alt=\"\" title=\"Starship: prot\u00f3tipo SN8 j\u00e1 tem nariz e flaps e se aproxima de teste final de voo\"\/><\/a><\/div>\r\n            <div class=\"item-details\">\r\n            <h3 class=\"entry-title td-module-title\"><a href=\"https:\/\/olhartech.com\/olharverso\/starship-prototipo-sn8-ja-tem-nariz-e-flaps-e-se-aproxima-de-teste-final-de-voo\/\" rel=\"bookmark\" title=\"Starship: prot\u00f3tipo SN8 j\u00e1 tem nariz e flaps e se aproxima de teste final de voo\">Starship: prot\u00f3tipo SN8 j\u00e1 tem nariz e flaps e se aproxima de teste final de voo<\/a><\/h3>\r\n                <div class=\"td-module-meta-info\">\r\n                                            \r\n                <\/div>\r\n\r\n                <div class=\"td-excerpt\">\r\n                    \nNa semana passada, sem alarde, a SpaceX realizou testes de igni\u00e7\u00e3o est\u00e1tica com o prot\u00f3tipo SN8 do ve\u00edculo Starship. Tudo parece ter...                <\/div>\r\n            <\/div>\r\n\r\n        <\/div>\r\n\r\n        \n\t<\/div> <!-- .\/td-block-span12 --><\/div><\/div> <!-- .\/block -->[\/vc_column][\/vc_row][vc_row full_width=&#8221;stretch_row&#8221; css_animation=&#8221;slideInRight&#8221;][vc_column offset=&#8221;vc_hidden-sm vc_hidden-xs&#8221;][vc_separator color=&#8221;white&#8221;][\/vc_column][\/vc_row][vc_row full_width=&#8221;stretch_row&#8221; css_animation=&#8221;slideInRight&#8221;][vc_column offset=&#8221;vc_hidden-sm vc_hidden-xs&#8221;][\/vc_column][\/vc_row][vc_row full_width=&#8221;stretch_row&#8221; css_animation=&#8221;slideInRight&#8221;][vc_column offset=&#8221;vc_hidden-sm vc_hidden-xs&#8221;][vc_text_separator title=&#8221;Leia Mais&#8221; i_icon_fontawesome=&#8221;fas fa-history&#8221; i_color=&#8221;custom&#8221; title_align=&#8221;separator_align_left&#8221; add_icon=&#8221;true&#8221; i_custom_color=&#8221;#929292&#8243;][\/vc_column][\/vc_row][vc_row full_width=&#8221;stretch_row&#8221; css_animation=&#8221;slideInRight&#8221;][vc_column width=&#8221;2\/3&#8243; offset=&#8221;vc_hidden-sm vc_hidden-xs&#8221;]<div class=\"td_block_wrap td_block_1 td_uid_9_69f57614a86a9_rand td-pb-border-top td_block_template_6 td-column-1\"  data-td-block-uid=\"td_uid_9_69f57614a86a9\" ><script>var block_td_uid_9_69f57614a86a9 = new tdBlock();\nblock_td_uid_9_69f57614a86a9.id = \"td_uid_9_69f57614a86a9\";\nblock_td_uid_9_69f57614a86a9.atts = '{\"limit\":\"4\",\"sort\":\"\",\"post_ids\":\"\",\"tag_slug\":\"\",\"autors_id\":\"\",\"installed_post_types\":\"\",\"category_id\":\"\",\"category_ids\":\"\",\"custom_title\":\"\",\"custom_url\":\"\",\"show_child_cat\":\"\",\"sub_cat_ajax\":\"\",\"ajax_pagination\":\"\",\"header_color\":\"\",\"header_text_color\":\"\",\"ajax_pagination_infinite_stop\":\"\",\"td_column_number\":1,\"td_ajax_preloading\":\"\",\"td_ajax_filter_type\":\"\",\"td_ajax_filter_ids\":\"\",\"td_filter_default_txt\":\"Todos\",\"color_preset\":\"\",\"border_top\":\"\",\"class\":\"td_uid_9_69f57614a86a9_rand\",\"el_class\":\"\",\"offset\":\"12\",\"css\":\"\",\"tdc_css\":\"\",\"tdc_css_class\":\"td_uid_9_69f57614a86a9_rand\",\"tdc_css_class_style\":\"td_uid_9_69f57614a86a9_rand_style\",\"live_filter\":\"\",\"live_filter_cur_post_id\":\"\",\"live_filter_cur_post_author\":\"\",\"block_template_id\":\"\"}';\nblock_td_uid_9_69f57614a86a9.td_column_number = \"1\";\nblock_td_uid_9_69f57614a86a9.block_type = \"td_block_1\";\nblock_td_uid_9_69f57614a86a9.post_count = \"4\";\nblock_td_uid_9_69f57614a86a9.found_posts = \"21\";\nblock_td_uid_9_69f57614a86a9.header_color = \"\";\nblock_td_uid_9_69f57614a86a9.ajax_pagination_infinite_stop = \"\";\nblock_td_uid_9_69f57614a86a9.max_num_pages = \"3\";\ntdBlocksArray.push(block_td_uid_9_69f57614a86a9);\n<\/script><div class=\"td-block-title-wrap\"><\/div><div id=td_uid_9_69f57614a86a9 class=\"td_block_inner\">\n\n\t<div class=\"td-block-span12\">\n\r\n        <div class=\"td_module_4 td_module_wrap td-animation-stack\">\r\n            <div class=\"td-module-image\">\r\n                <div class=\"td-module-thumb\"><a href=\"https:\/\/olhartech.com\/olharverso\/nasa-descobre-grandes-quantidades-de-agua-em-cratera-iluminada-na-lua\/\" rel=\"bookmark\" title=\"NASA descobre grandes quantidades de \u00e1gua em cratera iluminada na Lua\"><img loading=\"lazy\" decoding=\"async\" width=\"320\" height=\"180\" class=\"entry-thumb\" src=\"https:\/\/olhartech.com\/olharverso\/wp-content\/uploads\/2020\/10\/mqdefault.jpg\" srcset=\"https:\/\/olhartech.com\/olharverso\/wp-content\/uploads\/2020\/10\/mqdefault.jpg 320w, https:\/\/olhartech.com\/olharverso\/wp-content\/uploads\/2020\/10\/mqdefault-300x169.jpg 300w\" sizes=\"auto, (max-width: 320px) 100vw, 320px\" alt=\"\" title=\"NASA descobre grandes quantidades de \u00e1gua em cratera iluminada na Lua\"\/><\/a><\/div>                            <\/div>\r\n\r\n            <h3 class=\"entry-title td-module-title\"><a href=\"https:\/\/olhartech.com\/olharverso\/nasa-descobre-grandes-quantidades-de-agua-em-cratera-iluminada-na-lua\/\" rel=\"bookmark\" title=\"NASA descobre grandes quantidades de \u00e1gua em cratera iluminada na Lua\">NASA descobre grandes quantidades de \u00e1gua em cratera iluminada na Lua<\/a><\/h3>\r\n            <div class=\"td-module-meta-info\">\r\n                                <span class=\"td-post-date\"><time class=\"entry-date updated td-module-date\" datetime=\"2020-10-26T21:36:48+00:00\" >8 anos atr&#225;s<\/time><\/span>                            <\/div>\r\n\r\n            <div class=\"td-excerpt\">\r\n               \r\n            <\/div>\r\n\r\n            \r\n        <\/div>\r\n\r\n        \n\t<\/div> <!-- .\/td-block-span12 -->\n\n\t<div class=\"td-block-span12\">\n\r\n        <div class=\"td_module_6 td_module_wrap td-animation-stack\">\r\n\r\n        <div class=\"td-module-thumb\"><a href=\"https:\/\/olhartech.com\/olharverso\/o-antigo-campo-magnetico-da-lua-pode-ter-ajudado-no-surgimento-de-vida-na-terra\/\" rel=\"bookmark\" title=\"O antigo campo magn\u00e9tico da Lua pode ter ajudado no surgimento de vida na Terra\"><img loading=\"lazy\" decoding=\"async\" width=\"100\" height=\"70\" class=\"entry-thumb\" src=\"https:\/\/olhartech.com\/olharverso\/wp-content\/uploads\/2020\/10\/campo-magnetico-lua-100x70.jpeg\" srcset=\"https:\/\/olhartech.com\/olharverso\/wp-content\/uploads\/2020\/10\/campo-magnetico-lua-100x70.jpeg 100w, https:\/\/olhartech.com\/olharverso\/wp-content\/uploads\/2020\/10\/campo-magnetico-lua-218x150.jpeg 218w, https:\/\/olhartech.com\/olharverso\/wp-content\/uploads\/2020\/10\/campo-magnetico-lua-485x338.jpeg 485w\" sizes=\"auto, (max-width: 100px) 100vw, 100px\" alt=\"\" title=\"O antigo campo magn\u00e9tico da Lua pode ter ajudado no surgimento de vida na Terra\"\/><\/a><\/div>\r\n        <div class=\"item-details\">\r\n            <h3 class=\"entry-title td-module-title\"><a href=\"https:\/\/olhartech.com\/olharverso\/o-antigo-campo-magnetico-da-lua-pode-ter-ajudado-no-surgimento-de-vida-na-terra\/\" rel=\"bookmark\" title=\"O antigo campo magn\u00e9tico da Lua pode ter ajudado no surgimento de vida na Terra\">O antigo campo magn\u00e9tico da Lua pode ter ajudado no surgimento de vida na Terra<\/a><\/h3>            <div class=\"td-module-meta-info\">\r\n                                                <span class=\"td-post-date\"><time class=\"entry-date updated td-module-date\" datetime=\"2020-10-26T21:35:14+00:00\" >8 anos atr&#225;s<\/time><\/span>                            <\/div>\r\n        <\/div>\r\n\r\n        <\/div>\r\n\r\n        \n\t<\/div> <!-- .\/td-block-span12 -->\n\n\t<div class=\"td-block-span12\">\n\r\n        <div class=\"td_module_6 td_module_wrap td-animation-stack\">\r\n\r\n        <div class=\"td-module-thumb\"><a href=\"https:\/\/olhartech.com\/olharverso\/decisao-do-congresso-dos-eua-pode-adiar-missao-a-lua-de-jupiter-para-2030\/\" rel=\"bookmark\" title=\"Decis\u00e3o do Congresso dos EUA pode adiar miss\u00e3o \u00e0 lua de J\u00fapiter para 2030\"><img loading=\"lazy\" decoding=\"async\" width=\"100\" height=\"70\" class=\"entry-thumb\" src=\"https:\/\/olhartech.com\/olharverso\/wp-content\/uploads\/2020\/10\/292597-543865-space-launch-system-sls-100x70.jpg\" srcset=\"https:\/\/olhartech.com\/olharverso\/wp-content\/uploads\/2020\/10\/292597-543865-space-launch-system-sls-100x70.jpg 100w, https:\/\/olhartech.com\/olharverso\/wp-content\/uploads\/2020\/10\/292597-543865-space-launch-system-sls-218x150.jpg 218w\" sizes=\"auto, (max-width: 100px) 100vw, 100px\" alt=\"\" title=\"Decis\u00e3o do Congresso dos EUA pode adiar miss\u00e3o \u00e0 lua de J\u00fapiter para 2030\"\/><\/a><\/div>\r\n        <div class=\"item-details\">\r\n            <h3 class=\"entry-title td-module-title\"><a href=\"https:\/\/olhartech.com\/olharverso\/decisao-do-congresso-dos-eua-pode-adiar-missao-a-lua-de-jupiter-para-2030\/\" rel=\"bookmark\" title=\"Decis\u00e3o do Congresso dos EUA pode adiar miss\u00e3o \u00e0 lua de J\u00fapiter para 2030\">Decis\u00e3o do Congresso dos EUA pode adiar miss\u00e3o \u00e0 lua de J\u00fapiter para 2030<\/a><\/h3>            <div class=\"td-module-meta-info\">\r\n                                                <span class=\"td-post-date\"><time class=\"entry-date updated td-module-date\" datetime=\"2020-10-26T21:33:44+00:00\" >8 anos atr&#225;s<\/time><\/span>                            <\/div>\r\n        <\/div>\r\n\r\n        <\/div>\r\n\r\n        \n\t<\/div> <!-- .\/td-block-span12 -->\n\n\t<div class=\"td-block-span12\">\n\r\n        <div class=\"td_module_6 td_module_wrap td-animation-stack\">\r\n\r\n        <div class=\"td-module-thumb\"><a href=\"https:\/\/olhartech.com\/olharverso\/exoplaneta-potencialmente-habitavel-tem-sua-atmosfera-e-clima-investigados\/\" rel=\"bookmark\" title=\"Exoplaneta potencialmente habit\u00e1vel tem sua atmosfera e clima investigados\"><img loading=\"lazy\" decoding=\"async\" width=\"100\" height=\"70\" class=\"entry-thumb\" src=\"https:\/\/olhartech.com\/olharverso\/wp-content\/uploads\/2020\/10\/download-1-100x70.jpeg\" srcset=\"https:\/\/olhartech.com\/olharverso\/wp-content\/uploads\/2020\/10\/download-1-100x70.jpeg 100w, https:\/\/olhartech.com\/olharverso\/wp-content\/uploads\/2020\/10\/download-1-218x150.jpeg 218w\" sizes=\"auto, (max-width: 100px) 100vw, 100px\" alt=\"\" title=\"Exoplaneta potencialmente habit\u00e1vel tem sua atmosfera e clima investigados\"\/><\/a><\/div>\r\n        <div class=\"item-details\">\r\n            <h3 class=\"entry-title td-module-title\"><a href=\"https:\/\/olhartech.com\/olharverso\/exoplaneta-potencialmente-habitavel-tem-sua-atmosfera-e-clima-investigados\/\" rel=\"bookmark\" title=\"Exoplaneta potencialmente habit\u00e1vel tem sua atmosfera e clima investigados\">Exoplaneta potencialmente habit\u00e1vel tem sua atmosfera e clima investigados<\/a><\/h3>            <div class=\"td-module-meta-info\">\r\n                                                <span class=\"td-post-date\"><time class=\"entry-date updated td-module-date\" datetime=\"2020-10-26T21:31:24+00:00\" >8 anos atr&#225;s<\/time><\/span>                            <\/div>\r\n        <\/div>\r\n\r\n        <\/div>\r\n\r\n        \n\t<\/div> <!-- .\/td-block-span12 --><\/div><\/div> <!-- .\/block -->[\/vc_column][vc_column width=&#8221;1\/3&#8243; offset=&#8221;vc_hidden-sm vc_hidden-xs&#8221;]<div class=\"td_block_wrap td_block_7 td_uid_10_69f57614ad349_rand td_with_ajax_pagination td-pb-border-top td_block_template_6 td-column-1 td_block_padding\"  data-td-block-uid=\"td_uid_10_69f57614ad349\" ><script>var block_td_uid_10_69f57614ad349 = new tdBlock();\nblock_td_uid_10_69f57614ad349.id = \"td_uid_10_69f57614ad349\";\nblock_td_uid_10_69f57614ad349.atts = '{\"limit\":\"3\",\"sort\":\"\",\"post_ids\":\"\",\"tag_slug\":\"\",\"autors_id\":\"\",\"installed_post_types\":\"\",\"category_id\":\"\",\"category_ids\":\"\",\"custom_title\":\"\",\"custom_url\":\"\",\"show_child_cat\":\"\",\"sub_cat_ajax\":\"\",\"ajax_pagination\":\"next_prev\",\"header_color\":\"\",\"header_text_color\":\"\",\"ajax_pagination_infinite_stop\":\"\",\"td_column_number\":1,\"td_ajax_preloading\":\"\",\"td_ajax_filter_type\":\"\",\"td_ajax_filter_ids\":\"\",\"td_filter_default_txt\":\"Todos\",\"color_preset\":\"\",\"border_top\":\"\",\"class\":\"td_uid_10_69f57614ad349_rand\",\"el_class\":\"\",\"offset\":\"16\",\"css\":\"\",\"tdc_css\":\"\",\"tdc_css_class\":\"td_uid_10_69f57614ad349_rand\",\"tdc_css_class_style\":\"td_uid_10_69f57614ad349_rand_style\",\"live_filter\":\"\",\"live_filter_cur_post_id\":\"\",\"live_filter_cur_post_author\":\"\",\"block_template_id\":\"\"}';\nblock_td_uid_10_69f57614ad349.td_column_number = \"1\";\nblock_td_uid_10_69f57614ad349.block_type = \"td_block_7\";\nblock_td_uid_10_69f57614ad349.post_count = \"3\";\nblock_td_uid_10_69f57614ad349.found_posts = \"21\";\nblock_td_uid_10_69f57614ad349.header_color = \"\";\nblock_td_uid_10_69f57614ad349.ajax_pagination_infinite_stop = \"\";\nblock_td_uid_10_69f57614ad349.max_num_pages = \"2\";\ntdBlocksArray.push(block_td_uid_10_69f57614ad349);\n<\/script><div class=\"td-block-title-wrap\"><\/div><div id=td_uid_10_69f57614ad349 class=\"td_block_inner\">\n\n\t<div class=\"td-block-span12\">\n\r\n        <div class=\"td_module_6 td_module_wrap td-animation-stack\">\r\n\r\n        <div class=\"td-module-thumb\"><a href=\"https:\/\/olhartech.com\/olharverso\/nuvem-rara-com-formato-de-disco-voador-e-flagrada-e-fotografada\/\" rel=\"bookmark\" title=\"Nuvem rara com formato de disco voador \u00e9 flagrada e fotografada\"><img loading=\"lazy\" decoding=\"async\" width=\"100\" height=\"70\" class=\"entry-thumb\" src=\"https:\/\/olhartech.com\/olharverso\/wp-content\/uploads\/2020\/10\/cropped-download-3-100x70.jpeg\" srcset=\"https:\/\/olhartech.com\/olharverso\/wp-content\/uploads\/2020\/10\/cropped-download-3-100x70.jpeg 100w, https:\/\/olhartech.com\/olharverso\/wp-content\/uploads\/2020\/10\/cropped-download-3-218x150.jpeg 218w\" sizes=\"auto, (max-width: 100px) 100vw, 100px\" alt=\"\" title=\"Nuvem rara com formato de disco voador \u00e9 flagrada e fotografada\"\/><\/a><\/div>\r\n        <div class=\"item-details\">\r\n            <h3 class=\"entry-title td-module-title\"><a href=\"https:\/\/olhartech.com\/olharverso\/nuvem-rara-com-formato-de-disco-voador-e-flagrada-e-fotografada\/\" rel=\"bookmark\" title=\"Nuvem rara com formato de disco voador \u00e9 flagrada e fotografada\">Nuvem rara com formato de disco voador \u00e9 flagrada e fotografada<\/a><\/h3>            <div class=\"td-module-meta-info\">\r\n                                                <span class=\"td-post-date\"><time class=\"entry-date updated td-module-date\" datetime=\"2020-10-23T21:59:44+00:00\" >8 anos atr&#225;s<\/time><\/span>                            <\/div>\r\n        <\/div>\r\n\r\n        <\/div>\r\n\r\n        \n\t<\/div> <!-- .\/td-block-span12 -->\n\n\t<div class=\"td-block-span12\">\n\r\n        <div class=\"td_module_6 td_module_wrap td-animation-stack\">\r\n\r\n        <div class=\"td-module-thumb\"><a href=\"https:\/\/olhartech.com\/olharverso\/sons-do-universo-projeto-transforma-imagens-astronomicas-em-musica\/\" rel=\"bookmark\" title=\"Sons do universo: projeto transforma imagens astron\u00f4micas em m\u00fasica\"><img loading=\"lazy\" decoding=\"async\" width=\"100\" height=\"70\" class=\"entry-thumb\" src=\"https:\/\/olhartech.com\/olharverso\/wp-content\/uploads\/2020\/10\/unnamed-1-100x70.jpg\" alt=\"\" title=\"Sons do universo: projeto transforma imagens astron\u00f4micas em m\u00fasica\"\/><\/a><\/div>\r\n        <div class=\"item-details\">\r\n            <h3 class=\"entry-title td-module-title\"><a href=\"https:\/\/olhartech.com\/olharverso\/sons-do-universo-projeto-transforma-imagens-astronomicas-em-musica\/\" rel=\"bookmark\" title=\"Sons do universo: projeto transforma imagens astron\u00f4micas em m\u00fasica\">Sons do universo: projeto transforma imagens astron\u00f4micas em m\u00fasica<\/a><\/h3>            <div class=\"td-module-meta-info\">\r\n                                                <span class=\"td-post-date\"><time class=\"entry-date updated td-module-date\" datetime=\"2020-10-23T21:45:01+00:00\" >8 anos atr&#225;s<\/time><\/span>                            <\/div>\r\n        <\/div>\r\n\r\n        <\/div>\r\n\r\n        \n\t<\/div> <!-- .\/td-block-span12 -->\n\n\t<div class=\"td-block-span12\">\n\r\n        <div class=\"td_module_6 td_module_wrap td-animation-stack\">\r\n\r\n        <div class=\"td-module-thumb\"><a href=\"https:\/\/olhartech.com\/olharverso\/spacex-e-microsoft-fecham-parceria-para-trabalharem-em-quatro-satelites\/\" rel=\"bookmark\" title=\"SpaceX e Microsoft fecham parceria para trabalharem em quatro sat\u00e9lites\"><img loading=\"lazy\" decoding=\"async\" width=\"100\" height=\"70\" class=\"entry-thumb\" src=\"https:\/\/olhartech.com\/olharverso\/wp-content\/uploads\/2020\/10\/microsoft-e-spacex-firmam-parceria-para-levar-computacao-em-nuvem-ao-espaco-100x70.jpg\" srcset=\"https:\/\/olhartech.com\/olharverso\/wp-content\/uploads\/2020\/10\/microsoft-e-spacex-firmam-parceria-para-levar-computacao-em-nuvem-ao-espaco-100x70.jpg 100w, https:\/\/olhartech.com\/olharverso\/wp-content\/uploads\/2020\/10\/microsoft-e-spacex-firmam-parceria-para-levar-computacao-em-nuvem-ao-espaco-218x150.jpg 218w\" sizes=\"auto, (max-width: 100px) 100vw, 100px\" alt=\"\" title=\"SpaceX e Microsoft fecham parceria para trabalharem em quatro sat\u00e9lites\"\/><\/a><\/div>\r\n        <div class=\"item-details\">\r\n            <h3 class=\"entry-title td-module-title\"><a href=\"https:\/\/olhartech.com\/olharverso\/spacex-e-microsoft-fecham-parceria-para-trabalharem-em-quatro-satelites\/\" rel=\"bookmark\" title=\"SpaceX e Microsoft fecham parceria para trabalharem em quatro sat\u00e9lites\">SpaceX e Microsoft fecham parceria para trabalharem em quatro sat\u00e9lites<\/a><\/h3>            <div class=\"td-module-meta-info\">\r\n                                                <span class=\"td-post-date\"><time class=\"entry-date updated td-module-date\" datetime=\"2020-10-23T00:01:33+00:00\" >8 anos atr&#225;s<\/time><\/span>                            <\/div>\r\n        <\/div>\r\n\r\n        <\/div>\r\n\r\n        \n\t<\/div> <!-- .\/td-block-span12 --><\/div><div class=\"td-next-prev-wrap\"><a href=\"#\" class=\"td-ajax-prev-page ajax-page-disabled\" id=\"prev-page-td_uid_10_69f57614ad349\" data-td_block_id=\"td_uid_10_69f57614ad349\"><i class=\"td-icon-font td-icon-menu-left\"><\/i><\/a><a href=\"#\"  class=\"td-ajax-next-page\" id=\"next-page-td_uid_10_69f57614ad349\" data-td_block_id=\"td_uid_10_69f57614ad349\"><i class=\"td-icon-font td-icon-menu-right\"><\/i><\/a><\/div><\/div> <!-- .\/block -->[\/vc_column][\/vc_row][vc_row full_width=&#8221;stretch_row&#8221; css_animation=&#8221;slideInRight&#8221;][vc_column offset=&#8221;vc_hidden-sm vc_hidden-xs&#8221;][vc_separator style=&#8221;shadow&#8221;][\/vc_column][\/vc_row][vc_row][vc_column offset=&#8221;vc_hidden-lg vc_hidden-md&#8221;][vc_gallery type=&#8221;nivo&#8221; interval=&#8221;5&#8243; images=&#8221;41899,42368,45108&#8243; img_size=&#8221;full&#8221; onclick=&#8221;custom_link&#8221; custom_links=&#8221;#E-8_aHR0cHMlM0ElMkYlMkZhcGkud2hhdHNhcHAuY29tJTJGc2VuZCUzRnBob25lJTNENTU4MTk5NzEwNTk3NSUyNnRleHQlM0RPbCUyNUMzJTI1QTElMjElMjUyMGVzdG91JTI1MjB2aW5kbyUyNTIwcGVsbyUyNTIwRGUlMjUyME9saG8lMjUyMEVtJTI1MjBHcmF2YXQlMjVDMyUyNUExJTIxJTJDdGVsJTNBMzUzMzQ0NTUlMkNodHRwcyUzQSUyRiUyRndhLm1lJTJGJTJCNTU4MTk4MzY2MDA3OSUzRnRleHQlM0RWaSUyQmVzc2UlMkJhbiUyNUMzJTI1QkFuY2lvJTJCbm8lMkJEZSUyQk9saG8lMkJFbSUyQkdyYXZhdCUyNUMzJTI1QTElMjUyQyUyQmdvc3RhcmlhJTJCZGUlMkJzYWJlciUyQm1haXMlMjUyMQ==&#8221;][vc_text_separator title=&#8221;\u00daltimas Not\u00edcias&#8221; i_icon_fontawesome=&#8221;fas fa-history&#8221; i_color=&#8221;custom&#8221; add_icon=&#8221;true&#8221; i_custom_color=&#8221;#929292&#8243;]<div class=\"td_block_wrap td_block_22 td_uid_11_69f57614b0f54_rand td_with_ajax_pagination td-pb-border-top td_block_template_6 td-column-1\"  data-td-block-uid=\"td_uid_11_69f57614b0f54\" ><script>var block_td_uid_11_69f57614b0f54 = new tdBlock();\nblock_td_uid_11_69f57614b0f54.id = \"td_uid_11_69f57614b0f54\";\nblock_td_uid_11_69f57614b0f54.atts = '{\"limit\":\"7\",\"sort\":\"\",\"post_ids\":\"\",\"tag_slug\":\"\",\"autors_id\":\"\",\"installed_post_types\":\"\",\"category_id\":\"\",\"category_ids\":\"\",\"custom_title\":\"\",\"custom_url\":\"\",\"show_child_cat\":\"\",\"sub_cat_ajax\":\"\",\"ajax_pagination\":\"load_more\",\"header_color\":\"\",\"header_text_color\":\"\",\"ajax_pagination_infinite_stop\":\"\",\"td_column_number\":1,\"td_ajax_preloading\":\"\",\"td_ajax_filter_type\":\"\",\"td_ajax_filter_ids\":\"\",\"td_filter_default_txt\":\"Todos\",\"color_preset\":\"\",\"border_top\":\"\",\"class\":\"td_uid_11_69f57614b0f54_rand\",\"el_class\":\"\",\"offset\":\"\",\"css\":\"\",\"tdc_css\":\"\",\"tdc_css_class\":\"td_uid_11_69f57614b0f54_rand\",\"tdc_css_class_style\":\"td_uid_11_69f57614b0f54_rand_style\",\"live_filter\":\"\",\"live_filter_cur_post_id\":\"\",\"live_filter_cur_post_author\":\"\",\"block_template_id\":\"\"}';\nblock_td_uid_11_69f57614b0f54.td_column_number = \"1\";\nblock_td_uid_11_69f57614b0f54.block_type = \"td_block_22\";\nblock_td_uid_11_69f57614b0f54.post_count = \"7\";\nblock_td_uid_11_69f57614b0f54.found_posts = \"21\";\nblock_td_uid_11_69f57614b0f54.header_color = \"\";\nblock_td_uid_11_69f57614b0f54.ajax_pagination_infinite_stop = \"\";\nblock_td_uid_11_69f57614b0f54.max_num_pages = \"3\";\ntdBlocksArray.push(block_td_uid_11_69f57614b0f54);\n<\/script><div class=\"td-block-title-wrap\"><\/div><div id=td_uid_11_69f57614b0f54 class=\"td_block_inner td-column-1 td-opacity-read\">\r\n        <div class=\"td_module_17 td_module_wrap td-animation-stack\">\r\n            <div class=\"meta-info-container\">\r\n                <h3 class=\"entry-title td-module-title\"><a href=\"https:\/\/olhartech.com\/olharverso\/municipios-pernambucanos-registraram-neblina-nos-dias-07-e-08-de-junho\/\" rel=\"bookmark\" title=\"Munic\u00edpios pernambucanos registraram neblina nos dias (07) e (08) de junho\">Munic\u00edpios pernambucanos registraram neblina nos dias (07) e (08) de junho<\/a><\/h3>\r\n                <div class=\"td-module-image\">\r\n                    <div class=\"td-module-thumb\"><a href=\"https:\/\/olhartech.com\/olharverso\/municipios-pernambucanos-registraram-neblina-nos-dias-07-e-08-de-junho\/\" rel=\"bookmark\" title=\"Munic\u00edpios pernambucanos registraram neblina nos dias (07) e (08) de junho\"><img loading=\"lazy\" decoding=\"async\" width=\"696\" height=\"385\" class=\"entry-thumb\" src=\"https:\/\/olhartech.com\/olharverso\/wp-content\/uploads\/2022\/06\/neblina-696x385.jpg\" alt=\"\" title=\"Munic\u00edpios pernambucanos registraram neblina nos dias (07) e (08) de junho\"\/><\/a><\/div>                    <div class=\"td-module-meta-holder\">\r\n                        <div class=\"td-left-meta\">\r\n                          \r\n                        <\/div>\r\n                                            <\/div>\r\n                    <div class=\"td-category-corner\">\r\n                                            <\/div>\r\n                <\/div>\r\n\r\n                <div class=\"td-excerpt\">\r\n   \r\n                <\/div>\r\n\r\n                <div class=\"td-read-more\">\r\n                    <a href=\"https:\/\/olhartech.com\/olharverso\/municipios-pernambucanos-registraram-neblina-nos-dias-07-e-08-de-junho\/\">Leia mais<i class=\"td-icon-menu-right\"><\/i><\/a>\r\n                <\/div>\r\n            <\/div>\r\n\r\n        <\/div>\r\n\r\n        \r\n        <div class=\"td_module_17 td_module_wrap td-animation-stack\">\r\n            <div class=\"meta-info-container\">\r\n                <h3 class=\"entry-title td-module-title\"><a href=\"https:\/\/olhartech.com\/olharverso\/com-150km-maior-cometa-ja-descoberto-viaja-na-direcao-da-terra\/\" rel=\"bookmark\" title=\"Com 150km, maior cometa j\u00e1 descoberto viaja na dire\u00e7\u00e3o da Terra\">Com 150km, maior cometa j\u00e1 descoberto viaja na dire\u00e7\u00e3o da Terra<\/a><\/h3>\r\n                <div class=\"td-module-image\">\r\n                    <div class=\"td-module-thumb\"><a href=\"https:\/\/olhartech.com\/olharverso\/com-150km-maior-cometa-ja-descoberto-viaja-na-direcao-da-terra\/\" rel=\"bookmark\" title=\"Com 150km, maior cometa j\u00e1 descoberto viaja na dire\u00e7\u00e3o da Terra\"><img loading=\"lazy\" decoding=\"async\" width=\"696\" height=\"385\" class=\"entry-thumb\" src=\"https:\/\/olhartech.com\/olharverso\/wp-content\/uploads\/2021\/10\/illustration-of-comet-bernardinelli-bernstein-696x385.jpg\" alt=\"\" title=\"Com 150km, maior cometa j\u00e1 descoberto viaja na dire\u00e7\u00e3o da Terra\"\/><\/a><\/div>                    <div class=\"td-module-meta-holder\">\r\n                        <div class=\"td-left-meta\">\r\n                          \r\n                        <\/div>\r\n                                            <\/div>\r\n                    <div class=\"td-category-corner\">\r\n                                            <\/div>\r\n                <\/div>\r\n\r\n                <div class=\"td-excerpt\">\r\n   \r\n                <\/div>\r\n\r\n                <div class=\"td-read-more\">\r\n                    <a href=\"https:\/\/olhartech.com\/olharverso\/com-150km-maior-cometa-ja-descoberto-viaja-na-direcao-da-terra\/\">Leia mais<i class=\"td-icon-menu-right\"><\/i><\/a>\r\n                <\/div>\r\n            <\/div>\r\n\r\n        <\/div>\r\n\r\n        \r\n        <div class=\"td_module_17 td_module_wrap td-animation-stack\">\r\n            <div class=\"meta-info-container\">\r\n                <h3 class=\"entry-title td-module-title\"><a href=\"https:\/\/olhartech.com\/olharverso\/1o-satelite-100-brasileiro-amazonia-1-e-lancado-com-sucesso-de-base-indiana\/\" rel=\"bookmark\" title=\"1\u00ba Sat\u00e9lite 100% Brasileiro Amazonia-1, \u00e9 lan\u00e7ado com sucesso de base indiana\">1\u00ba Sat\u00e9lite 100% Brasileiro Amazonia-1, \u00e9 lan\u00e7ado com sucesso de base indiana<\/a><\/h3>\r\n                <div class=\"td-module-image\">\r\n                    <div class=\"td-module-thumb\"><a href=\"https:\/\/olhartech.com\/olharverso\/1o-satelite-100-brasileiro-amazonia-1-e-lancado-com-sucesso-de-base-indiana\/\" rel=\"bookmark\" title=\"1\u00ba Sat\u00e9lite 100% Brasileiro Amazonia-1, \u00e9 lan\u00e7ado com sucesso de base indiana\"><img loading=\"lazy\" decoding=\"async\" width=\"696\" height=\"385\" class=\"entry-thumb\" src=\"https:\/\/olhartech.com\/olharverso\/wp-content\/uploads\/2021\/03\/satelite-br-696x385.jpg\" srcset=\"https:\/\/olhartech.com\/olharverso\/wp-content\/uploads\/2021\/03\/satelite-br-696x385.jpg 696w, https:\/\/olhartech.com\/olharverso\/wp-content\/uploads\/2021\/03\/satelite-br-300x167.jpg 300w\" sizes=\"auto, (max-width: 696px) 100vw, 696px\" alt=\"\" title=\"1\u00ba Sat\u00e9lite 100% Brasileiro Amazonia-1, \u00e9 lan\u00e7ado com sucesso de base indiana\"\/><\/a><\/div>                    <div class=\"td-module-meta-holder\">\r\n                        <div class=\"td-left-meta\">\r\n                          \r\n                        <\/div>\r\n                                            <\/div>\r\n                    <div class=\"td-category-corner\">\r\n                                            <\/div>\r\n                <\/div>\r\n\r\n                <div class=\"td-excerpt\">\r\n   \r\n                <\/div>\r\n\r\n                <div class=\"td-read-more\">\r\n                    <a href=\"https:\/\/olhartech.com\/olharverso\/1o-satelite-100-brasileiro-amazonia-1-e-lancado-com-sucesso-de-base-indiana\/\">Leia mais<i class=\"td-icon-menu-right\"><\/i><\/a>\r\n                <\/div>\r\n            <\/div>\r\n\r\n        <\/div>\r\n\r\n        \r\n        <div class=\"td_module_17 td_module_wrap td-animation-stack\">\r\n            <div class=\"meta-info-container\">\r\n                <h3 class=\"entry-title td-module-title\"><a href=\"https:\/\/olhartech.com\/olharverso\/nasa-asteroide-com-forca-de-250-mil-toneladas-pode-atingir-a-terra-em-2022\/\" rel=\"bookmark\" title=\"NASA: Asteroide com for\u00e7a de 250 mil toneladas pode atingir a Terra em 2022\">NASA: Asteroide com for\u00e7a de 250 mil toneladas pode atingir a Terra em 2022<\/a><\/h3>\r\n                <div class=\"td-module-image\">\r\n                    <div class=\"td-module-thumb\"><a href=\"https:\/\/olhartech.com\/olharverso\/nasa-asteroide-com-forca-de-250-mil-toneladas-pode-atingir-a-terra-em-2022\/\" rel=\"bookmark\" title=\"NASA: Asteroide com for\u00e7a de 250 mil toneladas pode atingir a Terra em 2022\"><img loading=\"lazy\" decoding=\"async\" width=\"652\" height=\"366\" class=\"entry-thumb\" src=\"https:\/\/olhartech.com\/olharverso\/wp-content\/uploads\/2021\/01\/cropped-asteroide-1.jpg\" srcset=\"https:\/\/olhartech.com\/olharverso\/wp-content\/uploads\/2021\/01\/cropped-asteroide-1.jpg 652w, https:\/\/olhartech.com\/olharverso\/wp-content\/uploads\/2021\/01\/cropped-asteroide-1-300x168.jpg 300w\" sizes=\"auto, (max-width: 652px) 100vw, 652px\" alt=\"\" title=\"NASA: Asteroide com for\u00e7a de 250 mil toneladas pode atingir a Terra em 2022\"\/><\/a><\/div>                    <div class=\"td-module-meta-holder\">\r\n                        <div class=\"td-left-meta\">\r\n                          \r\n                        <\/div>\r\n                                            <\/div>\r\n                    <div class=\"td-category-corner\">\r\n                                            <\/div>\r\n                <\/div>\r\n\r\n                <div class=\"td-excerpt\">\r\n   \r\n                <\/div>\r\n\r\n                <div class=\"td-read-more\">\r\n                    <a href=\"https:\/\/olhartech.com\/olharverso\/nasa-asteroide-com-forca-de-250-mil-toneladas-pode-atingir-a-terra-em-2022\/\">Leia mais<i class=\"td-icon-menu-right\"><\/i><\/a>\r\n                <\/div>\r\n            <\/div>\r\n\r\n        <\/div>\r\n\r\n        \r\n        <div class=\"td_module_17 td_module_wrap td-animation-stack\">\r\n            <div class=\"meta-info-container\">\r\n                <h3 class=\"entry-title td-module-title\"><a href=\"https:\/\/olhartech.com\/olharverso\/erupcao-solar-mais-potente-dos-ultimos-3-anos-e-registrada-veja-a-foto\/\" rel=\"bookmark\" title=\"Erup\u00e7\u00e3o solar mais potente dos \u00faltimos 3 anos \u00e9 registrada (VEJA A FOTO)\">Erup\u00e7\u00e3o solar mais potente dos \u00faltimos 3 anos \u00e9 registrada (VEJA A FOTO)<\/a><\/h3>\r\n                <div class=\"td-module-image\">\r\n                    <div class=\"td-module-thumb\"><a href=\"https:\/\/olhartech.com\/olharverso\/erupcao-solar-mais-potente-dos-ultimos-3-anos-e-registrada-veja-a-foto\/\" rel=\"bookmark\" title=\"Erup\u00e7\u00e3o solar mais potente dos \u00faltimos 3 anos \u00e9 registrada (VEJA A FOTO)\"><img loading=\"lazy\" decoding=\"async\" width=\"696\" height=\"385\" class=\"entry-thumb\" src=\"https:\/\/olhartech.com\/olharverso\/wp-content\/uploads\/2020\/12\/cropped-sol-696x385.jpg\" alt=\"\" title=\"Erup\u00e7\u00e3o solar mais potente dos \u00faltimos 3 anos \u00e9 registrada (VEJA A FOTO)\"\/><\/a><\/div>                    <div class=\"td-module-meta-holder\">\r\n                        <div class=\"td-left-meta\">\r\n                          \r\n                        <\/div>\r\n                                            <\/div>\r\n                    <div class=\"td-category-corner\">\r\n                                            <\/div>\r\n                <\/div>\r\n\r\n                <div class=\"td-excerpt\">\r\n   \r\n                <\/div>\r\n\r\n                <div class=\"td-read-more\">\r\n                    <a href=\"https:\/\/olhartech.com\/olharverso\/erupcao-solar-mais-potente-dos-ultimos-3-anos-e-registrada-veja-a-foto\/\">Leia mais<i class=\"td-icon-menu-right\"><\/i><\/a>\r\n                <\/div>\r\n            <\/div>\r\n\r\n        <\/div>\r\n\r\n        \r\n        <div class=\"td_module_17 td_module_wrap td-animation-stack\">\r\n            <div class=\"meta-info-container\">\r\n                <h3 class=\"entry-title td-module-title\"><a href=\"https:\/\/olhartech.com\/olharverso\/psique-planeta-fracassado-do-sistema-solar-vem-sendo-cada-vez-mais-estudado\/\" rel=\"bookmark\" title=\"Psique: planeta &#8220;fracassado&#8221; do Sistema Solar vem sendo cada vez mais estudado\">Psique: planeta &#8220;fracassado&#8221; do Sistema Solar vem sendo cada vez mais estudado<\/a><\/h3>\r\n                <div class=\"td-module-image\">\r\n                    <div class=\"td-module-thumb\"><a href=\"https:\/\/olhartech.com\/olharverso\/psique-planeta-fracassado-do-sistema-solar-vem-sendo-cada-vez-mais-estudado\/\" rel=\"bookmark\" title=\"Psique: planeta &#8220;fracassado&#8221; do Sistema Solar vem sendo cada vez mais estudado\"><img loading=\"lazy\" decoding=\"async\" width=\"660\" height=\"385\" class=\"entry-thumb\" src=\"https:\/\/olhartech.com\/olharverso\/wp-content\/uploads\/2020\/10\/asteroide-16-psique-660x385.jpeg\" alt=\"\" title=\"Psique: planeta &#8220;fracassado&#8221; do Sistema Solar vem sendo cada vez mais estudado\"\/><\/a><\/div>                    <div class=\"td-module-meta-holder\">\r\n                        <div class=\"td-left-meta\">\r\n                          \r\n                        <\/div>\r\n                                            <\/div>\r\n                    <div class=\"td-category-corner\">\r\n                                            <\/div>\r\n                <\/div>\r\n\r\n                <div class=\"td-excerpt\">\r\n   \r\n                <\/div>\r\n\r\n                <div class=\"td-read-more\">\r\n                    <a href=\"https:\/\/olhartech.com\/olharverso\/psique-planeta-fracassado-do-sistema-solar-vem-sendo-cada-vez-mais-estudado\/\">Leia mais<i class=\"td-icon-menu-right\"><\/i><\/a>\r\n                <\/div>\r\n            <\/div>\r\n\r\n        <\/div>\r\n\r\n        \r\n        <div class=\"td_module_17 td_module_wrap td-animation-stack\">\r\n            <div class=\"meta-info-container\">\r\n                <h3 class=\"entry-title td-module-title\"><a href=\"https:\/\/olhartech.com\/olharverso\/nasa-e-spacex-querem-lancar-astronautas-da-crew-1-a-iss-no-dia-14-de-novembro\/\" rel=\"bookmark\" title=\"NASA e SpaceX querem lan\u00e7ar astronautas da Crew-1 \u00e0 ISS no dia 14 de novembro\">NASA e SpaceX querem lan\u00e7ar astronautas da Crew-1 \u00e0 ISS no dia 14 de novembro<\/a><\/h3>\r\n                <div class=\"td-module-image\">\r\n                    <div class=\"td-module-thumb\"><a href=\"https:\/\/olhartech.com\/olharverso\/nasa-e-spacex-querem-lancar-astronautas-da-crew-1-a-iss-no-dia-14-de-novembro\/\" rel=\"bookmark\" title=\"NASA e SpaceX querem lan\u00e7ar astronautas da Crew-1 \u00e0 ISS no dia 14 de novembro\"><img loading=\"lazy\" decoding=\"async\" width=\"251\" height=\"201\" class=\"entry-thumb\" src=\"https:\/\/olhartech.com\/olharverso\/wp-content\/uploads\/2020\/10\/download.jpeg\" alt=\"\" title=\"NASA e SpaceX querem lan\u00e7ar astronautas da Crew-1 \u00e0 ISS no dia 14 de novembro\"\/><\/a><\/div>                    <div class=\"td-module-meta-holder\">\r\n                        <div class=\"td-left-meta\">\r\n                          \r\n                        <\/div>\r\n                                            <\/div>\r\n                    <div class=\"td-category-corner\">\r\n                                            <\/div>\r\n                <\/div>\r\n\r\n                <div class=\"td-excerpt\">\r\n   \r\n                <\/div>\r\n\r\n                <div class=\"td-read-more\">\r\n                    <a href=\"https:\/\/olhartech.com\/olharverso\/nasa-e-spacex-querem-lancar-astronautas-da-crew-1-a-iss-no-dia-14-de-novembro\/\">Leia mais<i class=\"td-icon-menu-right\"><\/i><\/a>\r\n                <\/div>\r\n            <\/div>\r\n\r\n        <\/div>\r\n\r\n        <\/div><div class=\"td-load-more-wrap\"><a href=\"#\" class=\"td_ajax_load_more td_ajax_load_more_js\" id=\"next-page-td_uid_11_69f57614b0f54\" data-td_block_id=\"td_uid_11_69f57614b0f54\">Carregar mais<i class=\"td-icon-font td-icon-menu-down\"><\/i><\/a><\/div><\/div> <!-- .\/block -->[\/vc_column][\/vc_row][vc_row][vc_column offset=&#8221;vc_hidden-lg vc_hidden-md&#8221;][vc_text_separator title=&#8221;Move &#8211; A Marca da Sua Marca!&#8221; i_icon_fontawesome=&#8221;fas fa-audio-description&#8221; i_color=&#8221;custom&#8221; add_icon=&#8221;true&#8221; i_custom_color=&#8221;#f4d50c&#8221;][vc_column_text]<!-- No shortcodes are defined -->[\/vc_column_text][\/vc_column][\/vc_row][vc_row][vc_column offset=&#8221;vc_hidden-lg vc_hidden-md vc_hidden-sm vc_hidden-xs&#8221;][vc_column_text]<\/p>\n<h1>Olhar Verso | O Universo Passa Aqui!<\/h1>\n<p>[\/vc_column_text][\/vc_column][\/vc_row]<\/p>\n<\/section>","protected":false},"excerpt":{"rendered":"<p>[vc_row css_animation=&#8221;slideInRight&#8221;][vc_column width=&#8221;2\/3&#8243; offset=&#8221;vc_hidden-sm vc_hidden-xs&#8221;][vc_text_separator title=&#8221;&#8221; color=&#8221;white&#8221;][\/vc_column][vc_column width=&#8221;1\/3&#8243; offset=&#8221;vc_hidden-sm vc_hidden-xs&#8221;][vc_column_text][\/vc_column_text][vc_separator][vc_separator][vc_column_text][\/vc_column_text][\/vc_column][\/vc_row][vc_row full_width=&#8221;stretch_row&#8221; css_animation=&#8221;slideInRight&#8221;][vc_column offset=&#8221;vc_hidden-sm vc_hidden-xs&#8221;][vc_text_separator title=&#8221;Move | A Marca da Sua Marca!&#8221; i_icon_fontawesome=&#8221;fas fa-audio-description&#8221; i_color=&#8221;custom&#8221; add_icon=&#8221;true&#8221; i_custom_color=&#8221;#efd31c&#8221;][vc_raw_html]JTVCc2MlMjBuYW1lJTNEJTIybW92ZS1hZHMtaG9tZSUyMiU1RCU1QiUyRnNjJTVE[\/vc_raw_html][\/vc_column][\/vc_row][vc_row css_animation=&#8221;slideInRight&#8221;][vc_column width=&#8221;1\/2&#8243; offset=&#8221;vc_hidden-sm vc_hidden-xs&#8221;][\/vc_column][vc_column width=&#8221;1\/2&#8243; offset=&#8221;vc_hidden-sm vc_hidden-xs&#8221;][\/vc_column][\/vc_row][vc_row full_width=&#8221;stretch_row&#8221; css_animation=&#8221;slideInRight&#8221;][vc_column offset=&#8221;vc_hidden-sm vc_hidden-xs&#8221;][vc_separator color=&#8221;white&#8221;][\/vc_column][\/vc_row][vc_row full_width=&#8221;stretch_row&#8221; css_animation=&#8221;slideInRight&#8221;][vc_column offset=&#8221;vc_hidden-sm vc_hidden-xs&#8221;][\/vc_column][\/vc_row][vc_row full_width=&#8221;stretch_row&#8221; css_animation=&#8221;slideInRight&#8221;][vc_column offset=&#8221;vc_hidden-sm vc_hidden-xs&#8221;][vc_text_separator title=&#8221;Leia Mais&#8221; i_icon_fontawesome=&#8221;fas fa-history&#8221; i_color=&#8221;custom&#8221; title_align=&#8221;separator_align_left&#8221; add_icon=&#8221;true&#8221; i_custom_color=&#8221;#929292&#8243;][\/vc_column][\/vc_row][vc_row full_width=&#8221;stretch_row&#8221; [&hellip;]<\/p>\n","protected":false},"author":1,"featured_media":22229,"parent":0,"menu_order":0,"comment_status":"closed","ping_status":"closed","template":"","meta":{"footnotes":""},"class_list":["post-22156","page","type-page","status-publish","has-post-thumbnail","hentry"],"_links":{"self":[{"href":"https:\/\/olhartech.com\/olharverso\/wp-json\/wp\/v2\/pages\/22156","targetHints":{"allow":["GET"]}}],"collection":[{"href":"https:\/\/olhartech.com\/olharverso\/wp-json\/wp\/v2\/pages"}],"about":[{"href":"https:\/\/olhartech.com\/olharverso\/wp-json\/wp\/v2\/types\/page"}],"author":[{"embeddable":true,"href":"https:\/\/olhartech.com\/olharverso\/wp-json\/wp\/v2\/users\/1"}],"replies":[{"embeddable":true,"href":"https:\/\/olhartech.com\/olharverso\/wp-json\/wp\/v2\/comments?post=22156"}],"version-history":[{"count":2,"href":"https:\/\/olhartech.com\/olharverso\/wp-json\/wp\/v2\/pages\/22156\/revisions"}],"predecessor-version":[{"id":22233,"href":"https:\/\/olhartech.com\/olharverso\/wp-json\/wp\/v2\/pages\/22156\/revisions\/22233"}],"wp:featuredmedia":[{"embeddable":true,"href":"https:\/\/olhartech.com\/olharverso\/wp-json\/wp\/v2\/media\/22229"}],"wp:attachment":[{"href":"https:\/\/olhartech.com\/olharverso\/wp-json\/wp\/v2\/media?parent=22156"}],"curies":[{"name":"wp","href":"https:\/\/api.w.org\/{rel}","templated":true}]}}